{"id":25721,"date":"2022-10-19T13:18:30","date_gmt":"2022-10-19T11:18:30","guid":{"rendered":"https:\/\/grossklein-immobilien.de\/de\/?post_type=product&#038;p=25721"},"modified":"2026-02-06T09:03:49","modified_gmt":"2026-02-06T08:03:49","slug":"helle-wohnung-mit-suedbalkon-in-steglitz","status":"publish","type":"product","link":"https:\/\/grossklein-immobilien.de\/de\/produkt\/helle-wohnung-mit-suedbalkon-in-steglitz\/","title":{"rendered":"HELLE WOHNUNG IM 1.OG MIT S\u00dcDBALKON IN STEGLITZ"},"content":{"rendered":"<p style=\"text-align: justify;\">Bei diesem Angebot handelt sich um eine 2-Zi Wohnung im 1.OG in einem Wohngeb\u00e4ude, dass ca. 1955 erbaut wurde. Das Gemeinschaftseigentum bei diesem Objekt wurde regelm\u00e4\u00dfig instand gesetzt und befindet sich in einem soliden Zustand. Besonders der praktische Grundriss \u00fcberzeugt bei dieser Wohnung.&nbsp; Der zum S\u00fcden ausgerichtete Balkon bietet viel Sonne. Das Bad ist mit einer Badewanne ausgestattet und bietet freundliches Tageslicht. Die Stra\u00dfe ist ruhig aber man ist dennoch gut angebunden. Eine Bushaltestelle befinden sich direkt ums Eck. Die U-Bahn und S-Bahnstation Rathaus Steglitz ist in wenigen Minuten erreichbar sowie die beliebte Schlo\u00dfstra\u00dfe mit ihren vielen Einkaufsm\u00f6glichkeiten. Gesch\u00e4fte des t\u00e4glichen Bedarfs und Schulen befinden sich in unmittelbarer Umgebung und machen das Leben in dieser Lage sehr w\u00fcnschenswert.<\/p>\n<p>Vermittelt von Gross &amp; Klein Immobilien, Ihrem <a href=\"https:\/\/grossklein-immobilien.de\/de\/immobilienmakler-berlin-steglitz\/\">Immobilienmakler in Berlin-Steglitz<\/a>.<\/p>\n","protected":false},"excerpt":{"rendered":"<p>Bei diesem Angebot handelt sich um eine 2-Zi Wohnung im 1.OG in einem Wohngeb\u00e4ude, dass ca. 1955 erbaut wurde. Das Gemeinschaftseigentum bei diesem Objekt wurde regelm\u00e4\u00dfig instand gesetzt und befindet sich in einem soliden Zustand. Besonders der praktische Grundriss \u00fcberzeugt bei dieser Wohnung.&nbsp; Der zum S\u00fcden ausgerichtete Balkon bietet viel Sonne. Das Bad ist mit &hellip; <a href=\"https:\/\/grossklein-immobilien.de\/de\/produkt\/helle-wohnung-mit-suedbalkon-in-steglitz\/\" class=\"more-link\"><span class=\"screen-reader-text\">HELLE WOHNUNG IM 1.OG MIT S\u00dcDBALKON IN STEGLITZ<\/span> weiterlesen <span class=\"meta-nav\">&rarr;<\/span><\/a><\/p>\n","protected":false},"featured_media":25722,"template":"","meta":{"_uag_custom_page_level_css":"","ngg_post_thumbnail":0},"product_cat":[24,94,420],"product_tag":[34],"class_list":{"0":"post-25721","1":"product","2":"type-product","3":"status-publish","4":"has-post-thumbnail","6":"product_cat-eigentumswohnungen","7":"product_cat-steglitz-zehlendorf","8":"product_cat-40-70","9":"product_tag-angebot","10":"pa_adresse-12169-berlin-steglitz","11":"pa_balkon-vorhanden","12":"pa_baujahr-591","13":"pa_courtage-357-vom-beurk-kaufpreis-2","14":"pa_etage-338","15":"pa_etagen-237","16":"pa_heizungsart-gas-etagenheizung","17":"pa_lage-1-og","18":"pa_objektzustand-gepflegt","19":"pa_standort-berlin-steglitz","20":"pa_wohnflaeche-590","21":"pa_zimmer-52","23":"first","24":"outofstock","25":"shipping-taxable","26":"purchasable","27":"product-type-simple"},"yoast_head":"<!-- This site is optimized with the Yoast SEO plugin v26.8 - https:\/\/yoast.com\/product\/yoast-seo-wordpress\/ -->\n<title>Helle Wohnung mit S\u00fcdbalkon in Steglitz - Gross &amp; Klein Immobilien<\/title>\n<meta name=\"description\" content=\"Helle Wohnung mit S\u00fcdbalkon in Steglitz unweit der Schlo\u00dfstra\u00dfe. Praktische 2-Zi Wohnung im 1.OG mit Tageslichtbad und separater K\u00fcche.\" \/>\n<meta name=\"robots\" content=\"index, follow, max-snippet:-1, max-image-preview:large, max-video-preview:-1\" \/>\n<link rel=\"canonical\" href=\"https:\/\/grossklein-immobilien.de\/de\/produkt\/helle-wohnung-mit-suedbalkon-in-steglitz\/\" \/>\n<meta property=\"og:locale\" content=\"de_DE\" \/>\n<meta property=\"og:type\" content=\"article\" \/>\n<meta property=\"og:title\" content=\"Helle Wohnung mit S\u00fcdbalkon in Steglitz - Gross &amp; Klein Immobilien\" \/>\n<meta property=\"og:description\" content=\"Helle Wohnung mit S\u00fcdbalkon in Steglitz unweit der Schlo\u00dfstra\u00dfe. Praktische 2-Zi Wohnung im 1.OG mit Tageslichtbad und separater K\u00fcche.\" \/>\n<meta property=\"og:url\" content=\"https:\/\/grossklein-immobilien.de\/de\/produkt\/helle-wohnung-mit-suedbalkon-in-steglitz\/\" \/>\n<meta property=\"article:publisher\" content=\"https:\/\/www.facebook.com\/TOMIC-IMMOBILIEN-110945718988806\/\" \/>\n<meta property=\"article:modified_time\" content=\"2026-02-06T08:03:49+00:00\" \/>\n<meta property=\"og:image\" content=\"https:\/\/grossklein-immobilien.de\/de\/wp-content\/uploads\/2022\/10\/Wohnzimmer-e1770151411263.jpg\" \/>\n\t<meta property=\"og:image:width\" content=\"1920\" \/>\n\t<meta property=\"og:image:height\" content=\"1040\" \/>\n\t<meta property=\"og:image:type\" content=\"image\/jpeg\" \/>\n<meta name=\"twitter:card\" content=\"summary_large_image\" \/>\n<meta name=\"twitter:site\" content=\"@draz_tomic\" \/>\n<meta name=\"twitter:label1\" content=\"Gesch\u00e4tzte Lesezeit\" \/>\n\t<meta name=\"twitter:data1\" content=\"1\u00a0Minute\" \/>\n<script type=\"application\/ld+json\" class=\"yoast-schema-graph\">{\"@context\":\"https:\/\/schema.org\",\"@graph\":[{\"@type\":\"WebPage\",\"@id\":\"https:\/\/grossklein-immobilien.de\/de\/produkt\/helle-wohnung-mit-suedbalkon-in-steglitz\/\",\"url\":\"https:\/\/grossklein-immobilien.de\/de\/produkt\/helle-wohnung-mit-suedbalkon-in-steglitz\/\",\"name\":\"Helle Wohnung mit S\u00fcdbalkon in Steglitz - Gross & Klein Immobilien\",\"isPartOf\":{\"@id\":\"https:\/\/grossklein-immobilien.de\/de\/#website\"},\"primaryImageOfPage\":{\"@id\":\"https:\/\/grossklein-immobilien.de\/de\/produkt\/helle-wohnung-mit-suedbalkon-in-steglitz\/#primaryimage\"},\"image\":{\"@id\":\"https:\/\/grossklein-immobilien.de\/de\/produkt\/helle-wohnung-mit-suedbalkon-in-steglitz\/#primaryimage\"},\"thumbnailUrl\":\"https:\/\/grossklein-immobilien.de\/de\/wp-content\/uploads\/2022\/10\/Wohnzimmer-e1770151411263.jpg\",\"datePublished\":\"2022-10-19T11:18:30+00:00\",\"dateModified\":\"2026-02-06T08:03:49+00:00\",\"description\":\"Helle Wohnung mit S\u00fcdbalkon in Steglitz unweit der Schlo\u00dfstra\u00dfe. Praktische 2-Zi Wohnung im 1.OG mit Tageslichtbad und separater K\u00fcche.\",\"breadcrumb\":{\"@id\":\"https:\/\/grossklein-immobilien.de\/de\/produkt\/helle-wohnung-mit-suedbalkon-in-steglitz\/#breadcrumb\"},\"inLanguage\":\"de\",\"potentialAction\":[{\"@type\":\"ReadAction\",\"target\":[\"https:\/\/grossklein-immobilien.de\/de\/produkt\/helle-wohnung-mit-suedbalkon-in-steglitz\/\"]}]},{\"@type\":\"ImageObject\",\"inLanguage\":\"de\",\"@id\":\"https:\/\/grossklein-immobilien.de\/de\/produkt\/helle-wohnung-mit-suedbalkon-in-steglitz\/#primaryimage\",\"url\":\"https:\/\/grossklein-immobilien.de\/de\/wp-content\/uploads\/2022\/10\/Wohnzimmer-e1770151411263.jpg\",\"contentUrl\":\"https:\/\/grossklein-immobilien.de\/de\/wp-content\/uploads\/2022\/10\/Wohnzimmer-e1770151411263.jpg\",\"width\":1920,\"height\":1040,\"caption\":\"Helle 2-Zimmer Wohnung im 2.OG in Berlin-Steglitz verkauft durch Gross & Klein Immobilien\"},{\"@type\":\"BreadcrumbList\",\"@id\":\"https:\/\/grossklein-immobilien.de\/de\/produkt\/helle-wohnung-mit-suedbalkon-in-steglitz\/#breadcrumb\",\"itemListElement\":[{\"@type\":\"ListItem\",\"position\":1,\"name\":\"Home\",\"item\":\"https:\/\/grossklein-immobilien.de\/de\/\"},{\"@type\":\"ListItem\",\"position\":2,\"name\":\"Immobilienangebote\",\"item\":\"https:\/\/grossklein-immobilien.de\/de\/immobilien-berlin\/\"},{\"@type\":\"ListItem\",\"position\":3,\"name\":\"HELLE WOHNUNG IM 1.OG MIT S\u00dcDBALKON IN STEGLITZ\"}]},{\"@type\":\"WebSite\",\"@id\":\"https:\/\/grossklein-immobilien.de\/de\/#website\",\"url\":\"https:\/\/grossklein-immobilien.de\/de\/\",\"name\":\"\",\"description\":\"\",\"potentialAction\":[{\"@type\":\"SearchAction\",\"target\":{\"@type\":\"EntryPoint\",\"urlTemplate\":\"https:\/\/grossklein-immobilien.de\/de\/?s={search_term_string}\"},\"query-input\":{\"@type\":\"PropertyValueSpecification\",\"valueRequired\":true,\"valueName\":\"search_term_string\"}}],\"inLanguage\":\"de\"}]}<\/script>\n<!-- \/ Yoast SEO plugin. -->","yoast_head_json":{"title":"Helle Wohnung mit S\u00fcdbalkon in Steglitz - Gross & Klein Immobilien","description":"Helle Wohnung mit S\u00fcdbalkon in Steglitz unweit der Schlo\u00dfstra\u00dfe. Praktische 2-Zi Wohnung im 1.OG mit Tageslichtbad und separater K\u00fcche.","robots":{"index":"index","follow":"follow","max-snippet":"max-snippet:-1","max-image-preview":"max-image-preview:large","max-video-preview":"max-video-preview:-1"},"canonical":"https:\/\/grossklein-immobilien.de\/de\/produkt\/helle-wohnung-mit-suedbalkon-in-steglitz\/","og_locale":"de_DE","og_type":"article","og_title":"Helle Wohnung mit S\u00fcdbalkon in Steglitz - Gross & Klein Immobilien","og_description":"Helle Wohnung mit S\u00fcdbalkon in Steglitz unweit der Schlo\u00dfstra\u00dfe. Praktische 2-Zi Wohnung im 1.OG mit Tageslichtbad und separater K\u00fcche.","og_url":"https:\/\/grossklein-immobilien.de\/de\/produkt\/helle-wohnung-mit-suedbalkon-in-steglitz\/","article_publisher":"https:\/\/www.facebook.com\/TOMIC-IMMOBILIEN-110945718988806\/","article_modified_time":"2026-02-06T08:03:49+00:00","og_image":[{"width":1920,"height":1040,"url":"https:\/\/grossklein-immobilien.de\/de\/wp-content\/uploads\/2022\/10\/Wohnzimmer-e1770151411263.jpg","type":"image\/jpeg"}],"twitter_card":"summary_large_image","twitter_site":"@draz_tomic","twitter_misc":{"Gesch\u00e4tzte Lesezeit":"1\u00a0Minute"},"schema":{"@context":"https:\/\/schema.org","@graph":[{"@type":"WebPage","@id":"https:\/\/grossklein-immobilien.de\/de\/produkt\/helle-wohnung-mit-suedbalkon-in-steglitz\/","url":"https:\/\/grossklein-immobilien.de\/de\/produkt\/helle-wohnung-mit-suedbalkon-in-steglitz\/","name":"Helle Wohnung mit S\u00fcdbalkon in Steglitz - Gross & Klein Immobilien","isPartOf":{"@id":"https:\/\/grossklein-immobilien.de\/de\/#website"},"primaryImageOfPage":{"@id":"https:\/\/grossklein-immobilien.de\/de\/produkt\/helle-wohnung-mit-suedbalkon-in-steglitz\/#primaryimage"},"image":{"@id":"https:\/\/grossklein-immobilien.de\/de\/produkt\/helle-wohnung-mit-suedbalkon-in-steglitz\/#primaryimage"},"thumbnailUrl":"https:\/\/grossklein-immobilien.de\/de\/wp-content\/uploads\/2022\/10\/Wohnzimmer-e1770151411263.jpg","datePublished":"2022-10-19T11:18:30+00:00","dateModified":"2026-02-06T08:03:49+00:00","description":"Helle Wohnung mit S\u00fcdbalkon in Steglitz unweit der Schlo\u00dfstra\u00dfe. Praktische 2-Zi Wohnung im 1.OG mit Tageslichtbad und separater K\u00fcche.","breadcrumb":{"@id":"https:\/\/grossklein-immobilien.de\/de\/produkt\/helle-wohnung-mit-suedbalkon-in-steglitz\/#breadcrumb"},"inLanguage":"de","potentialAction":[{"@type":"ReadAction","target":["https:\/\/grossklein-immobilien.de\/de\/produkt\/helle-wohnung-mit-suedbalkon-in-steglitz\/"]}]},{"@type":"ImageObject","inLanguage":"de","@id":"https:\/\/grossklein-immobilien.de\/de\/produkt\/helle-wohnung-mit-suedbalkon-in-steglitz\/#primaryimage","url":"https:\/\/grossklein-immobilien.de\/de\/wp-content\/uploads\/2022\/10\/Wohnzimmer-e1770151411263.jpg","contentUrl":"https:\/\/grossklein-immobilien.de\/de\/wp-content\/uploads\/2022\/10\/Wohnzimmer-e1770151411263.jpg","width":1920,"height":1040,"caption":"Helle 2-Zimmer Wohnung im 2.OG in Berlin-Steglitz verkauft durch Gross & Klein Immobilien"},{"@type":"BreadcrumbList","@id":"https:\/\/grossklein-immobilien.de\/de\/produkt\/helle-wohnung-mit-suedbalkon-in-steglitz\/#breadcrumb","itemListElement":[{"@type":"ListItem","position":1,"name":"Home","item":"https:\/\/grossklein-immobilien.de\/de\/"},{"@type":"ListItem","position":2,"name":"Immobilienangebote","item":"https:\/\/grossklein-immobilien.de\/de\/immobilien-berlin\/"},{"@type":"ListItem","position":3,"name":"HELLE WOHNUNG IM 1.OG MIT S\u00dcDBALKON IN STEGLITZ"}]},{"@type":"WebSite","@id":"https:\/\/grossklein-immobilien.de\/de\/#website","url":"https:\/\/grossklein-immobilien.de\/de\/","name":"","description":"","potentialAction":[{"@type":"SearchAction","target":{"@type":"EntryPoint","urlTemplate":"https:\/\/grossklein-immobilien.de\/de\/?s={search_term_string}"},"query-input":{"@type":"PropertyValueSpecification","valueRequired":true,"valueName":"search_term_string"}}],"inLanguage":"de"}]}},"uagb_featured_image_src":{"full":["https:\/\/grossklein-immobilien.de\/de\/wp-content\/uploads\/2022\/10\/Wohnzimmer-e1770151411263.jpg",1920,1040,false],"thumbnail":["https:\/\/grossklein-immobilien.de\/de\/wp-content\/uploads\/2022\/10\/Wohnzimmer-e1770151411263-150x150.jpg",150,150,true],"medium":["https:\/\/grossklein-immobilien.de\/de\/wp-content\/uploads\/2022\/10\/Wohnzimmer-e1770151411263-300x163.jpg",300,163,true],"medium_large":["https:\/\/grossklein-immobilien.de\/de\/wp-content\/uploads\/2022\/10\/Wohnzimmer-e1770151411263.jpg",1920,1040,false],"large":["https:\/\/grossklein-immobilien.de\/de\/wp-content\/uploads\/2022\/10\/Wohnzimmer-e1770151411263-1024x555.jpg",604,327,true],"1536x1536":["https:\/\/grossklein-immobilien.de\/de\/wp-content\/uploads\/2022\/10\/Wohnzimmer-e1770151411263-1536x832.jpg",1536,832,true],"2048x2048":["https:\/\/grossklein-immobilien.de\/de\/wp-content\/uploads\/2022\/10\/Wohnzimmer-e1770151411263.jpg",1920,1040,false],"post-thumbnail":["https:\/\/grossklein-immobilien.de\/de\/wp-content\/uploads\/2022\/10\/Wohnzimmer-e1770151411263-604x270.jpg",604,270,true],"woocommerce_thumbnail":["https:\/\/grossklein-immobilien.de\/de\/wp-content\/uploads\/2022\/10\/Wohnzimmer-e1770151411263-300x300.jpg",300,300,true],"woocommerce_single":["https:\/\/grossklein-immobilien.de\/de\/wp-content\/uploads\/2022\/10\/Wohnzimmer-e1770151411263-1200x650.jpg",1200,650,true],"woocommerce_gallery_thumbnail":["https:\/\/grossklein-immobilien.de\/de\/wp-content\/uploads\/2022\/10\/Wohnzimmer-e1770151411263-100x100.jpg",100,100,true]},"uagb_author_info":{"display_name":"Drazan Tomic","author_link":"https:\/\/grossklein-immobilien.de\/de\/author\/"},"uagb_comment_info":0,"uagb_excerpt":"Bei diesem Angebot handelt sich um eine 2-Zi Wohnung im 1.OG in einem Wohngeb\u00e4ude, dass ca. 1955 erbaut wurde. Das Gemeinschaftseigentum bei diesem Objekt wurde regelm\u00e4\u00dfig instand gesetzt und befindet sich in einem soliden Zustand. Besonders der praktische Grundriss \u00fcberzeugt bei dieser Wohnung.&nbsp; Der zum S\u00fcden ausgerichtete Balkon bietet viel Sonne. Das Bad ist mit&hellip;","_links":{"self":[{"href":"https:\/\/grossklein-immobilien.de\/de\/wp-json\/wp\/v2\/product\/25721","targetHints":{"allow":["GET"]}}],"collection":[{"href":"https:\/\/grossklein-immobilien.de\/de\/wp-json\/wp\/v2\/product"}],"about":[{"href":"https:\/\/grossklein-immobilien.de\/de\/wp-json\/wp\/v2\/types\/product"}],"wp:featuredmedia":[{"embeddable":true,"href":"https:\/\/grossklein-immobilien.de\/de\/wp-json\/wp\/v2\/media\/25722"}],"wp:attachment":[{"href":"https:\/\/grossklein-immobilien.de\/de\/wp-json\/wp\/v2\/media?parent=25721"}],"wp:term":[{"taxonomy":"product_cat","embeddable":true,"href":"https:\/\/grossklein-immobilien.de\/de\/wp-json\/wp\/v2\/product_cat?post=25721"},{"taxonomy":"product_tag","embeddable":true,"href":"https:\/\/grossklein-immobilien.de\/de\/wp-json\/wp\/v2\/product_tag?post=25721"}],"curies":[{"name":"wp","href":"https:\/\/api.w.org\/{rel}","templated":true}]}}