{"id":6298,"date":"2019-06-15T18:55:44","date_gmt":"2019-06-15T16:55:44","guid":{"rendered":"http:\/\/grossklein-immobilien.de\/de\/produkt\/kernsanierte-whg-im-2-og-in-lichterfelde\/"},"modified":"2026-02-06T09:07:31","modified_gmt":"2026-02-06T08:07:31","slug":"kernsanierte-whg-im-2-og-in-lichterfelde","status":"publish","type":"product","link":"https:\/\/grossklein-immobilien.de\/de\/produkt\/kernsanierte-whg-im-2-og-in-lichterfelde\/","title":{"rendered":"HOCHWERTIG SANIERTE WHG IM 2.OG IN LICHTERFELDE"},"content":{"rendered":"<p style=\"text-align: justify;\">Nach einer vollst\u00e4ndigen Entkernung des Geb\u00e4udes hat der Eigent\u00fcmer unter Ber\u00fccksichtigung einer m\u00f6glichst zeitgem\u00e4\u00dfen Gestaltung in 2018\/2019 das Geb\u00e4ude vollst\u00e4ndig neu aufgebaut. Alle W\u00e4nde sind gespachtelt worden und wei\u00df gestrichen worden. Der Boden besteht aus einem verklebten Eichen Mehrschichtparkett.&nbsp;In einzelnen Wohnungen kann ein \u00fcberm\u00e4\u00dfig gro\u00dfer Wohnraum, nach Kundenwunsch in mehrere weitere R\u00e4ume getrennt werden, so dass die Wohnungen den pers\u00f6nlichen Bed\u00fcrfnissen angepa\u00dft werden k\u00f6nnen.<\/p>\n<p style=\"text-align: justify;\">Alle Wohnungen verf\u00fcgen \u00fcber mindestens ein Bad mit Wanne und Glasdusche oder sogar \u00fcber getrennte B\u00e4der und G\u00e4ste-WCs. In den B\u00e4dern sind hochwertige Sanit\u00e4robjekte von Villeroy &amp; Boch, Grohe Armaturen sowie Waschtischunterschr\u00e4nke eingebaut worden.S\u00e4mtliche Fenster sind neu, in den Wohnr\u00e4umen\/Winterg\u00e4rten teilweise auch bodentief, eingebaut worden. Aufzug und Keller sind ebenfalls vorhanden.<\/p>\n<p style=\"text-align: justify;\">Das Objekt befindet sich nur wenige Minuten von Rathaus Steglitz und der Einkaufsmeile Schlo\u00dfstra\u00dfe entfernt. Die Lage ist gepr\u00e4gt durch alleinstehende Einfamilienh\u00e4user und Doppelhaush\u00e4lften. In unmittelbarer N\u00e4he befindet sich die Busverbindung 285\/M85. Die S-Bahnstation Lichterfelde-West ist in ca. 10 Minuten fu\u00dfl\u00e4ufig erreichbar. Lichterfelde ist aufgrund der guten Schulen besonders beliebt bei Familien und z\u00e4hlt wegen seiner N\u00e4he zur City zur einer der beliebtesten Wohnlagen in Berlin.<\/p>\n<p>Vermittelt von Gross &amp; Klein Immobilien, Ihrem <a href=\"https:\/\/grossklein-immobilien.de\/de\/immobilienmakler-berlin-lichterfelde\/\">Immobilienmakler in Berlin-Lichterfelde<\/a>.<\/p>\n","protected":false},"excerpt":{"rendered":"<p>Es handelt sich bei diesem Objekt um eine Etagenwohnung mit Erstbezug nach Sanierung.<\/p>\n","protected":false},"featured_media":6299,"template":"","meta":{"_uag_custom_page_level_css":"","ngg_post_thumbnail":0},"product_cat":[24,94,421,416],"product_tag":[375],"class_list":{"0":"post-6298","1":"product","2":"type-product","3":"status-publish","4":"has-post-thumbnail","6":"product_cat-eigentumswohnungen","7":"product_cat-steglitz-zehlendorf","8":"product_cat-70-110","9":"product_cat-416","10":"product_tag-erstbezug-nach-sanierung","11":"pa_adresse-12203-berlin","12":"pa_balkon-terrasse-ca-10m","13":"pa_baujahr-345","14":"pa_befeuerung-gas","15":"pa_courtage-45-zzgl-mwst-vom-beurk-kaufpreis","16":"pa_etage-246","17":"pa_etagen-78","18":"pa_heizungsart-zh","19":"pa_lage-351","20":"pa_objektzustand-kernsaniert","21":"pa_standort-berlin-lichterfelde-2","22":"pa_wohnflaeche-352","23":"pa_zimmer-11","25":"first","26":"outofstock","27":"shipping-taxable","28":"purchasable","29":"product-type-simple"},"yoast_head":"<!-- This site is optimized with the Yoast SEO plugin v26.8 - https:\/\/yoast.com\/product\/yoast-seo-wordpress\/ -->\n<title>Hochwertig sanierte Wohnung in Licheterfelde | Gross &amp; Klein<\/title>\n<meta name=\"robots\" content=\"index, follow, max-snippet:-1, max-image-preview:large, max-video-preview:-1\" \/>\n<link rel=\"canonical\" href=\"https:\/\/grossklein-immobilien.de\/de\/produkt\/kernsanierte-whg-im-2-og-in-lichterfelde\/\" \/>\n<meta property=\"og:locale\" content=\"de_DE\" \/>\n<meta property=\"og:type\" content=\"article\" \/>\n<meta property=\"og:title\" content=\"Hochwertig sanierte Wohnung in Licheterfelde | Gross &amp; Klein\" \/>\n<meta property=\"og:description\" content=\"Es handelt sich bei diesem Objekt um eine Etagenwohnung mit Erstbezug nach Sanierung.\" \/>\n<meta property=\"og:url\" content=\"https:\/\/grossklein-immobilien.de\/de\/produkt\/kernsanierte-whg-im-2-og-in-lichterfelde\/\" \/>\n<meta property=\"article:publisher\" content=\"https:\/\/www.facebook.com\/TOMIC-IMMOBILIEN-110945718988806\/\" \/>\n<meta property=\"article:modified_time\" content=\"2026-02-06T08:07:31+00:00\" \/>\n<meta property=\"og:image\" content=\"https:\/\/grossklein-immobilien.de\/de\/wp-content\/uploads\/2019\/06\/IMG_3917.jpg\" \/>\n\t<meta property=\"og:image:width\" content=\"1024\" \/>\n\t<meta property=\"og:image:height\" content=\"683\" \/>\n\t<meta property=\"og:image:type\" content=\"image\/jpeg\" \/>\n<meta name=\"twitter:card\" content=\"summary_large_image\" \/>\n<meta name=\"twitter:site\" content=\"@draz_tomic\" \/>\n<meta name=\"twitter:label1\" content=\"Gesch\u00e4tzte Lesezeit\" \/>\n\t<meta name=\"twitter:data1\" content=\"2\u00a0Minuten\" \/>\n<script type=\"application\/ld+json\" class=\"yoast-schema-graph\">{\"@context\":\"https:\/\/schema.org\",\"@graph\":[{\"@type\":\"WebPage\",\"@id\":\"https:\/\/grossklein-immobilien.de\/de\/produkt\/kernsanierte-whg-im-2-og-in-lichterfelde\/\",\"url\":\"https:\/\/grossklein-immobilien.de\/de\/produkt\/kernsanierte-whg-im-2-og-in-lichterfelde\/\",\"name\":\"Hochwertig sanierte Wohnung in Licheterfelde | Gross & Klein\",\"isPartOf\":{\"@id\":\"https:\/\/grossklein-immobilien.de\/de\/#website\"},\"primaryImageOfPage\":{\"@id\":\"https:\/\/grossklein-immobilien.de\/de\/produkt\/kernsanierte-whg-im-2-og-in-lichterfelde\/#primaryimage\"},\"image\":{\"@id\":\"https:\/\/grossklein-immobilien.de\/de\/produkt\/kernsanierte-whg-im-2-og-in-lichterfelde\/#primaryimage\"},\"thumbnailUrl\":\"https:\/\/grossklein-immobilien.de\/de\/wp-content\/uploads\/2019\/06\/IMG_3917.jpg\",\"datePublished\":\"2019-06-15T16:55:44+00:00\",\"dateModified\":\"2026-02-06T08:07:31+00:00\",\"breadcrumb\":{\"@id\":\"https:\/\/grossklein-immobilien.de\/de\/produkt\/kernsanierte-whg-im-2-og-in-lichterfelde\/#breadcrumb\"},\"inLanguage\":\"de\",\"potentialAction\":[{\"@type\":\"ReadAction\",\"target\":[\"https:\/\/grossklein-immobilien.de\/de\/produkt\/kernsanierte-whg-im-2-og-in-lichterfelde\/\"]}]},{\"@type\":\"ImageObject\",\"inLanguage\":\"de\",\"@id\":\"https:\/\/grossklein-immobilien.de\/de\/produkt\/kernsanierte-whg-im-2-og-in-lichterfelde\/#primaryimage\",\"url\":\"https:\/\/grossklein-immobilien.de\/de\/wp-content\/uploads\/2019\/06\/IMG_3917.jpg\",\"contentUrl\":\"https:\/\/grossklein-immobilien.de\/de\/wp-content\/uploads\/2019\/06\/IMG_3917.jpg\",\"width\":1024,\"height\":683},{\"@type\":\"BreadcrumbList\",\"@id\":\"https:\/\/grossklein-immobilien.de\/de\/produkt\/kernsanierte-whg-im-2-og-in-lichterfelde\/#breadcrumb\",\"itemListElement\":[{\"@type\":\"ListItem\",\"position\":1,\"name\":\"Home\",\"item\":\"https:\/\/grossklein-immobilien.de\/de\/\"},{\"@type\":\"ListItem\",\"position\":2,\"name\":\"Immobilienangebote\",\"item\":\"https:\/\/grossklein-immobilien.de\/de\/immobilien-berlin\/\"},{\"@type\":\"ListItem\",\"position\":3,\"name\":\"HOCHWERTIG SANIERTE WHG IM 2.OG IN LICHTERFELDE\"}]},{\"@type\":\"WebSite\",\"@id\":\"https:\/\/grossklein-immobilien.de\/de\/#website\",\"url\":\"https:\/\/grossklein-immobilien.de\/de\/\",\"name\":\"\",\"description\":\"\",\"potentialAction\":[{\"@type\":\"SearchAction\",\"target\":{\"@type\":\"EntryPoint\",\"urlTemplate\":\"https:\/\/grossklein-immobilien.de\/de\/?s={search_term_string}\"},\"query-input\":{\"@type\":\"PropertyValueSpecification\",\"valueRequired\":true,\"valueName\":\"search_term_string\"}}],\"inLanguage\":\"de\"}]}<\/script>\n<!-- \/ Yoast SEO plugin. -->","yoast_head_json":{"title":"Hochwertig sanierte Wohnung in Licheterfelde | Gross & Klein","robots":{"index":"index","follow":"follow","max-snippet":"max-snippet:-1","max-image-preview":"max-image-preview:large","max-video-preview":"max-video-preview:-1"},"canonical":"https:\/\/grossklein-immobilien.de\/de\/produkt\/kernsanierte-whg-im-2-og-in-lichterfelde\/","og_locale":"de_DE","og_type":"article","og_title":"Hochwertig sanierte Wohnung in Licheterfelde | Gross & Klein","og_description":"Es handelt sich bei diesem Objekt um eine Etagenwohnung mit Erstbezug nach Sanierung.","og_url":"https:\/\/grossklein-immobilien.de\/de\/produkt\/kernsanierte-whg-im-2-og-in-lichterfelde\/","article_publisher":"https:\/\/www.facebook.com\/TOMIC-IMMOBILIEN-110945718988806\/","article_modified_time":"2026-02-06T08:07:31+00:00","og_image":[{"width":1024,"height":683,"url":"https:\/\/grossklein-immobilien.de\/de\/wp-content\/uploads\/2019\/06\/IMG_3917.jpg","type":"image\/jpeg"}],"twitter_card":"summary_large_image","twitter_site":"@draz_tomic","twitter_misc":{"Gesch\u00e4tzte Lesezeit":"2\u00a0Minuten"},"schema":{"@context":"https:\/\/schema.org","@graph":[{"@type":"WebPage","@id":"https:\/\/grossklein-immobilien.de\/de\/produkt\/kernsanierte-whg-im-2-og-in-lichterfelde\/","url":"https:\/\/grossklein-immobilien.de\/de\/produkt\/kernsanierte-whg-im-2-og-in-lichterfelde\/","name":"Hochwertig sanierte Wohnung in Licheterfelde | Gross & Klein","isPartOf":{"@id":"https:\/\/grossklein-immobilien.de\/de\/#website"},"primaryImageOfPage":{"@id":"https:\/\/grossklein-immobilien.de\/de\/produkt\/kernsanierte-whg-im-2-og-in-lichterfelde\/#primaryimage"},"image":{"@id":"https:\/\/grossklein-immobilien.de\/de\/produkt\/kernsanierte-whg-im-2-og-in-lichterfelde\/#primaryimage"},"thumbnailUrl":"https:\/\/grossklein-immobilien.de\/de\/wp-content\/uploads\/2019\/06\/IMG_3917.jpg","datePublished":"2019-06-15T16:55:44+00:00","dateModified":"2026-02-06T08:07:31+00:00","breadcrumb":{"@id":"https:\/\/grossklein-immobilien.de\/de\/produkt\/kernsanierte-whg-im-2-og-in-lichterfelde\/#breadcrumb"},"inLanguage":"de","potentialAction":[{"@type":"ReadAction","target":["https:\/\/grossklein-immobilien.de\/de\/produkt\/kernsanierte-whg-im-2-og-in-lichterfelde\/"]}]},{"@type":"ImageObject","inLanguage":"de","@id":"https:\/\/grossklein-immobilien.de\/de\/produkt\/kernsanierte-whg-im-2-og-in-lichterfelde\/#primaryimage","url":"https:\/\/grossklein-immobilien.de\/de\/wp-content\/uploads\/2019\/06\/IMG_3917.jpg","contentUrl":"https:\/\/grossklein-immobilien.de\/de\/wp-content\/uploads\/2019\/06\/IMG_3917.jpg","width":1024,"height":683},{"@type":"BreadcrumbList","@id":"https:\/\/grossklein-immobilien.de\/de\/produkt\/kernsanierte-whg-im-2-og-in-lichterfelde\/#breadcrumb","itemListElement":[{"@type":"ListItem","position":1,"name":"Home","item":"https:\/\/grossklein-immobilien.de\/de\/"},{"@type":"ListItem","position":2,"name":"Immobilienangebote","item":"https:\/\/grossklein-immobilien.de\/de\/immobilien-berlin\/"},{"@type":"ListItem","position":3,"name":"HOCHWERTIG SANIERTE WHG IM 2.OG IN LICHTERFELDE"}]},{"@type":"WebSite","@id":"https:\/\/grossklein-immobilien.de\/de\/#website","url":"https:\/\/grossklein-immobilien.de\/de\/","name":"","description":"","potentialAction":[{"@type":"SearchAction","target":{"@type":"EntryPoint","urlTemplate":"https:\/\/grossklein-immobilien.de\/de\/?s={search_term_string}"},"query-input":{"@type":"PropertyValueSpecification","valueRequired":true,"valueName":"search_term_string"}}],"inLanguage":"de"}]}},"uagb_featured_image_src":{"full":["https:\/\/grossklein-immobilien.de\/de\/wp-content\/uploads\/2019\/06\/IMG_3917.jpg",1024,683,false],"thumbnail":["https:\/\/grossklein-immobilien.de\/de\/wp-content\/uploads\/2019\/06\/IMG_3917-150x150.jpg",150,150,true],"medium":["https:\/\/grossklein-immobilien.de\/de\/wp-content\/uploads\/2019\/06\/IMG_3917-300x200.jpg",300,200,true],"medium_large":["https:\/\/grossklein-immobilien.de\/de\/wp-content\/uploads\/2019\/06\/IMG_3917.jpg",1024,683,false],"large":["https:\/\/grossklein-immobilien.de\/de\/wp-content\/uploads\/2019\/06\/IMG_3917-1024x683.jpg",604,403,true],"1536x1536":["https:\/\/grossklein-immobilien.de\/de\/wp-content\/uploads\/2019\/06\/IMG_3917.jpg",1024,683,false],"2048x2048":["https:\/\/grossklein-immobilien.de\/de\/wp-content\/uploads\/2019\/06\/IMG_3917.jpg",1024,683,false],"post-thumbnail":["https:\/\/grossklein-immobilien.de\/de\/wp-content\/uploads\/2019\/06\/IMG_3917-604x270.jpg",604,270,true],"woocommerce_thumbnail":["https:\/\/grossklein-immobilien.de\/de\/wp-content\/uploads\/2019\/06\/IMG_3917-300x300.jpg",300,300,true],"woocommerce_single":["https:\/\/grossklein-immobilien.de\/de\/wp-content\/uploads\/2019\/06\/IMG_3917.jpg",1024,683,false],"woocommerce_gallery_thumbnail":["https:\/\/grossklein-immobilien.de\/de\/wp-content\/uploads\/2019\/06\/IMG_3917-100x100.jpg",100,100,true]},"uagb_author_info":{"display_name":"Drazan Tomic","author_link":"https:\/\/grossklein-immobilien.de\/de\/author\/"},"uagb_comment_info":0,"uagb_excerpt":"Es handelt sich bei diesem Objekt um eine Etagenwohnung mit Erstbezug nach Sanierung.","_links":{"self":[{"href":"https:\/\/grossklein-immobilien.de\/de\/wp-json\/wp\/v2\/product\/6298","targetHints":{"allow":["GET"]}}],"collection":[{"href":"https:\/\/grossklein-immobilien.de\/de\/wp-json\/wp\/v2\/product"}],"about":[{"href":"https:\/\/grossklein-immobilien.de\/de\/wp-json\/wp\/v2\/types\/product"}],"wp:featuredmedia":[{"embeddable":true,"href":"https:\/\/grossklein-immobilien.de\/de\/wp-json\/wp\/v2\/media\/6299"}],"wp:attachment":[{"href":"https:\/\/grossklein-immobilien.de\/de\/wp-json\/wp\/v2\/media?parent=6298"}],"wp:term":[{"taxonomy":"product_cat","embeddable":true,"href":"https:\/\/grossklein-immobilien.de\/de\/wp-json\/wp\/v2\/product_cat?post=6298"},{"taxonomy":"product_tag","embeddable":true,"href":"https:\/\/grossklein-immobilien.de\/de\/wp-json\/wp\/v2\/product_tag?post=6298"}],"curies":[{"name":"wp","href":"https:\/\/api.w.org\/{rel}","templated":true}]}}